{"id":998,"date":"2018-05-15T07:47:45","date_gmt":"2018-05-15T07:47:45","guid":{"rendered":"http:\/\/mayodel68.org\/?post_type=project&amp;p=998"},"modified":"2018-05-15T07:47:45","modified_gmt":"2018-05-15T07:47:45","slug":"prensa-dosier","status":"publish","type":"project","link":"https:\/\/mayo68.puenteromano.net\/index.php\/project\/prensa-dosier\/","title":{"rendered":"Prensa, dosier"},"content":{"rendered":"<p>[et_pb_section fb_built=\u00bb1&#8243; _builder_version=\u00bb3.0.47&#8243;][et_pb_row _builder_version=\u00bb3.2.2&#8243; background_color=\u00bb#000000&#8243;][et_pb_column type=\u00bb4_4&#8243; _builder_version=\u00bb3.0.47&#8243; parallax=\u00bboff\u00bb parallax_method=\u00bbon\u00bb][et_pb_text _builder_version=\u00bb3.2.2&#8243; header_font=\u00bbHappy Monkey|700|||||||\u00bb header_text_color=\u00bb#ffffff\u00bb]<\/p>\n<h1 style=\"text-align: center;\">Documentos y enlaces<\/h1>\n<p>[\/et_pb_text][\/et_pb_column][\/et_pb_row][et_pb_row custom_padding=\u00bb20px|20px|20px|20px|true|true\u00bb _builder_version=\u00bb3.2.2&#8243; background_color=\u00bb#ededed\u00bb background_size=\u00bbinitial\u00bb background_position=\u00bbtop_left\u00bb background_repeat=\u00bbrepeat\u00bb][et_pb_column type=\u00bb4_4&#8243; _builder_version=\u00bb3.0.47&#8243; parallax=\u00bboff\u00bb parallax_method=\u00bbon\u00bb][et_pb_text _builder_version=\u00bb3.2.2&#8243; text_text_color=\u00bb#000000&#8243; text_font=\u00bb||||||||\u00bb header_font=\u00bb||||||||\u00bb]<\/p>\n<h1><img loading=\"lazy\" decoding=\"async\" class=\"size-medium wp-image-790 alignleft\" src=\"https:\/\/mayodel68.org\/wp-content\/uploads\/2018\/05\/Pari\u0301s-1968-Marcelo-Brodsky-300x208.jpg\" alt=\"\" width=\"300\" height=\"208\" srcset=\"https:\/\/mayo68.puenteromano.net\/wp-content\/uploads\/2018\/05\/Pari\u0301s-1968-Marcelo-Brodsky-300x208.jpg 300w, https:\/\/mayo68.puenteromano.net\/wp-content\/uploads\/2018\/05\/Pari\u0301s-1968-Marcelo-Brodsky-768x533.jpg 768w, https:\/\/mayo68.puenteromano.net\/wp-content\/uploads\/2018\/05\/Pari\u0301s-1968-Marcelo-Brodsky.jpg 980w, https:\/\/mayo68.puenteromano.net\/wp-content\/uploads\/2018\/05\/Pari\u0301s-1968-Marcelo-Brodsky-480x333.jpg 480w\" sizes=\"(max-width: 300px) 100vw, 300px\" \/>Lecturas y documentos<\/h1>\n<h4>Enlaces a documentos y art\u00edculos recientes sobre el mayo franc\u00e9s<\/h4>\n<p>_____________________________________________<\/p>\n<ul>\n<li class=\"p1\"><span class=\"s1\"><a href=\"http:\/\/lab.elmundo.es\/mayo-del-68\/historia.html\" target=\"_blank\" rel=\"noopener noreferrer\">Documentos: La historia del Mayo del 68 franc\u00e9s, en \u201cel Mundo Lab\u201d, Diario El Mundo<\/a><\/span><\/li>\n<li class=\"p1\"><a href=\"https:\/\/elpais.com\/tag\/mayo_del_68\/a\" target=\"_blank\" rel=\"noopener noreferrer\">Documentos: Aniversario de Mayo del 68, en El Pa\u00eds Lab<\/a><\/li>\n<li class=\"p1\"><span class=\"s1\"><a href=\"https:\/\/elpais.com\/elpais\/2018\/03\/12\/eps\/1520855424_621233.html\" target=\"_blank\" rel=\"noopener noreferrer\">Art\u00edculo: <i>Y t\u00fa \u00bfqu\u00e9 piensas de Mayo del 68<\/i>?, de Manuel Rivas, en El Pa\u00eds, 18 mar 2018<\/a><\/span><\/li>\n<li class=\"p1\"><span class=\"s1\"><a href=\"https:\/\/elpais.com\/cultura\/2018\/03\/28\/actualidad\/1522266565_421265.html\" target=\"_blank\" rel=\"noopener noreferrer\">Art\u00edculo: <i>Las fotograf\u00edas que sacan los colores al Mayo del 6<\/i>8, de Manuel Morales en el diario El Pa\u00eds,\u00a03 abr 2018<\/a><\/span><\/li>\n<li class=\"p1\"><span class=\"s1\"><a href=\"https:\/\/elpais.com\/elpais\/2018\/03\/28\/album\/1522252204_728519.html#foto_gal_1\" target=\"_blank\" rel=\"noopener noreferrer\">Galer\u00eda: Las \u201cfotos intervenidas\u201d de Marcelo Brodsky, el diario El Pa\u00eds, fotogaler\u00eda.<\/a><\/span><\/li>\n<li class=\"p1\"><span class=\"s1\"><a href=\"https:\/\/dialnet.unirioja.es\/servlet\/articulo?codigo=2687188\" target=\"_blank\" rel=\"noopener noreferrer\">Art\u00edculo: <i>Movimientos estudiantiles: de mayo del 68 a la actualidad. Sobre las \u00abExperiencias ut\u00f3picas\u00bb de un movimiento peculiar<\/i>, de Pedro Ibarra y Noem\u00ed Berganti\u00f1os<\/a><\/span><\/li>\n<li class=\"p1\"><span class=\"s1\"><a href=\"http:\/\/www.rtve.es\/alacarta\/videos\/en-portada\/portada-miradas-del-68\/4587838\/\" target=\"_blank\" rel=\"noopener noreferrer\">Video, 40.57 min: <i>Miradas del 68<\/i>, En Portada, RTVE, 30, abr 2018<\/a><\/span><\/li>\n<li class=\"p1\"><span class=\"s1\"><a href=\"https:\/\/manuelcerda.com\/2018\/01\/31\/la-musica-de-mayo-del-68\/\" target=\"_blank\" rel=\"noopener noreferrer\">Art\u00edculo\/Blog: M\u00fasica de M68<\/a><\/span><\/li>\n<li class=\"p1\"><span class=\"s1\"><a href=\"https:\/\/www.eldiario.es\/interferencias\/mayo_del_68-deseo-Lyotard_6_770332960.html\" target=\"_blank\" rel=\"noopener noreferrer\">Art\u00edculo: <i>Pol\u00edticas del deseo: retomar la intuici\u00f3n del 68<\/i>, de Amador Fern\u00e1ndez-Savater<\/a><\/span><\/li>\n<li class=\"p1\"><a href=\"https:\/\/elpais.com\/cultura\/2018\/05\/03\/babelia\/1525358854_566468.html?autoplay=1\" target=\"_blank\" rel=\"noopener noreferrer\">V\u00eddeo y selecci\u00f3n de lecturas:\u00a0<em>Aquella revoluci\u00f3n fallida que cambi\u00f3 nuestras vidas<\/em>, de Jes\u00fas Ceberio en el diario El Pa\u00eds, 5 may\u00a0 2018<\/a><\/li>\n<li><a href=\"https:\/\/www.edstirner.com\/mayo-del-68-sonadores-amantes-habituales\/\" target=\"_blank\" rel=\"noopener noreferrer\">Art\u00edculo: <em>Mayo del 68: \u00bfSue\u00f1o o decepci\u00f3n?<\/em>, de M. Vega en el blog \u00abStirner\u00bb, 5 may 2018<\/a><\/li>\n<\/ul>\n<p class=\"p1\"><span class=\"s1\">___________________<\/span><\/p>\n<p>[\/et_pb_text][\/et_pb_column][\/et_pb_row][et_pb_row _builder_version=\u00bb3.0.47&#8243; background_size=\u00bbinitial\u00bb background_position=\u00bbtop_left\u00bb background_repeat=\u00bbrepeat\u00bb][et_pb_column type=\u00bb4_4&#8243; _builder_version=\u00bb3.0.47&#8243; parallax=\u00bboff\u00bb parallax_method=\u00bbon\u00bb][et_pb_divider show_divider=\u00bboff\u00bb height=\u00bb5px\u00bb _builder_version=\u00bb3.2.2&#8243;][\/et_pb_divider][\/et_pb_column][\/et_pb_row][et_pb_row custom_padding=\u00bb20px|20px|20px|20px\u00bb _builder_version=\u00bb3.2.2&#8243; background_color=\u00bb#000000&#8243; background_size=\u00bbinitial\u00bb background_position=\u00bbtop_left\u00bb background_repeat=\u00bbrepeat\u00bb][et_pb_column type=\u00bb4_4&#8243; _builder_version=\u00bb3.0.47&#8243; parallax=\u00bboff\u00bb parallax_method=\u00bbon\u00bb][et_pb_text admin_label=\u00bbText\u00bb _builder_version=\u00bb3.2.2&#8243; background_size=\u00bbinitial\u00bb background_position=\u00bbtop_left\u00bb background_repeat=\u00bbrepeat\u00bb background_layout=\u00bbdark\u00bb]<\/p>\n<h1>Lecturas y reflexi\u00f3n cr\u00edtica: actividades propuestas<\/h1>\n<ul>\n<li>Todas las materias: pr\u00e1ctica de la lectura cr\u00edtica y reflexi\u00f3n compartida en el aula. Organizaci\u00f3n y desarrollo de debates<\/li>\n<li>Documentaci\u00f3n: elaboraci\u00f3n de un dosier personal, organizado por campos tem\u00e1ticos, fechas y autor\u00eda<\/li>\n<li>trabajo con textos: s\u00edntesis, res\u00famenes, esquematizaci\u00f3n de textos guiadas por el profesor.<\/li>\n<\/ul>\n<p>[\/et_pb_text][\/et_pb_column][\/et_pb_row][\/et_pb_section]<\/p>\n","protected":false},"excerpt":{"rendered":"<p>Documentos y enlaces Lecturas y documentos Enlaces a documentos y art\u00edculos recientes sobre el mayo franc\u00e9s _____________________________________________ Documentos: La historia del Mayo del 68 franc\u00e9s, en \u201cel Mundo Lab\u201d, Diario El Mundo Documentos: Aniversario de Mayo del 68, en El Pa\u00eds Lab Art\u00edculo: Y t\u00fa \u00bfqu\u00e9 piensas de Mayo del 68?, de Manuel Rivas, en [&hellip;]<\/p>\n","protected":false},"author":1,"featured_media":790,"comment_status":"open","ping_status":"closed","template":"","meta":{"_et_pb_use_builder":"on","_et_pb_old_content":"","_et_gb_content_width":"","footnotes":""},"project_category":[8],"project_tag":[],"class_list":["post-998","project","type-project","status-publish","has-post-thumbnail","hentry","project_category-unidad-didactica"],"_links":{"self":[{"href":"https:\/\/mayo68.puenteromano.net\/index.php\/wp-json\/wp\/v2\/project\/998","targetHints":{"allow":["GET"]}}],"collection":[{"href":"https:\/\/mayo68.puenteromano.net\/index.php\/wp-json\/wp\/v2\/project"}],"about":[{"href":"https:\/\/mayo68.puenteromano.net\/index.php\/wp-json\/wp\/v2\/types\/project"}],"author":[{"embeddable":true,"href":"https:\/\/mayo68.puenteromano.net\/index.php\/wp-json\/wp\/v2\/users\/1"}],"replies":[{"embeddable":true,"href":"https:\/\/mayo68.puenteromano.net\/index.php\/wp-json\/wp\/v2\/comments?post=998"}],"version-history":[{"count":0,"href":"https:\/\/mayo68.puenteromano.net\/index.php\/wp-json\/wp\/v2\/project\/998\/revisions"}],"wp:featuredmedia":[{"embeddable":true,"href":"https:\/\/mayo68.puenteromano.net\/index.php\/wp-json\/wp\/v2\/media\/790"}],"wp:attachment":[{"href":"https:\/\/mayo68.puenteromano.net\/index.php\/wp-json\/wp\/v2\/media?parent=998"}],"wp:term":[{"taxonomy":"project_category","embeddable":true,"href":"https:\/\/mayo68.puenteromano.net\/index.php\/wp-json\/wp\/v2\/project_category?post=998"},{"taxonomy":"project_tag","embeddable":true,"href":"https:\/\/mayo68.puenteromano.net\/index.php\/wp-json\/wp\/v2\/project_tag?post=998"}],"curies":[{"name":"wp","href":"https:\/\/api.w.org\/{rel}","templated":true}]}}