{"id":485,"date":"2018-05-01T19:35:08","date_gmt":"2018-05-01T19:35:08","guid":{"rendered":"http:\/\/mayodel68.org\/?post_type=project&#038;p=485"},"modified":"2019-11-21T21:36:39","modified_gmt":"2019-11-21T20:36:39","slug":"mayo-en-el-instituto","status":"publish","type":"project","link":"https:\/\/mayo68.puenteromano.net\/index.php\/project\/mayo-en-el-instituto\/","title":{"rendered":"Mayo en el Instituto, Actos en Centros"},"content":{"rendered":"<p>[et_pb_section fb_built=\u00bb1&#8243; fullwidth=\u00bbon\u00bb _builder_version=\u00bb4.0.6&#8243; hover_enabled=\u00bb0&#8243;][et_pb_fullwidth_slider show_arrows=\u00bboff\u00bb show_pagination=\u00bboff\u00bb _builder_version=\u00bb4.0.6&#8243; hover_enabled=\u00bb0&#8243; button_text_size__hover_enabled=\u00bboff\u00bb button_one_text_size__hover_enabled=\u00bboff\u00bb button_two_text_size__hover_enabled=\u00bboff\u00bb button_text_color__hover_enabled=\u00bboff\u00bb button_one_text_color__hover_enabled=\u00bboff\u00bb button_two_text_color__hover_enabled=\u00bboff\u00bb button_border_width__hover_enabled=\u00bboff\u00bb button_one_border_width__hover_enabled=\u00bboff\u00bb button_two_border_width__hover_enabled=\u00bboff\u00bb button_border_color__hover_enabled=\u00bboff\u00bb button_one_border_color__hover_enabled=\u00bboff\u00bb button_two_border_color__hover_enabled=\u00bboff\u00bb button_border_radius__hover_enabled=\u00bboff\u00bb button_one_border_radius__hover_enabled=\u00bboff\u00bb button_two_border_radius__hover_enabled=\u00bboff\u00bb button_letter_spacing__hover_enabled=\u00bboff\u00bb button_one_letter_spacing__hover_enabled=\u00bboff\u00bb button_two_letter_spacing__hover_enabled=\u00bboff\u00bb button_bg_color__hover_enabled=\u00bboff\u00bb button_one_bg_color__hover_enabled=\u00bboff\u00bb button_two_bg_color__hover_enabled=\u00bboff\u00bb][et_pb_slide heading=\u00bbMayo del 68 en los Institutos\u00bb image=\u00bbhttps:\/\/mayodel68.org\/wp-content\/uploads\/2018\/04\/imag_clarin_alar.jpg\u00bb use_bg_overlay=\u00bboff\u00bb use_text_overlay=\u00bbon\u00bb text_border_radius=\u00bb20&#8243; _builder_version=\u00bb4.0.6&#8243; background_image=\u00bbhttps:\/\/mayodel68.org\/wp-content\/uploads\/2018\/05\/IES-Pando-sala.jpg\u00bb parallax=\u00bbon\u00bb button_on_hover=\u00bbon\u00bb hover_enabled=\u00bb0&#8243; button_text_size__hover_enabled=\u00bboff\u00bb button_one_text_size__hover_enabled=\u00bboff\u00bb button_two_text_size__hover_enabled=\u00bboff\u00bb button_text_color__hover_enabled=\u00bboff\u00bb button_one_text_color__hover_enabled=\u00bboff\u00bb button_two_text_color__hover_enabled=\u00bboff\u00bb button_border_width__hover_enabled=\u00bboff\u00bb button_one_border_width__hover_enabled=\u00bboff\u00bb button_two_border_width__hover_enabled=\u00bboff\u00bb button_border_color__hover_enabled=\u00bboff\u00bb button_one_border_color__hover_enabled=\u00bboff\u00bb button_two_border_color__hover_enabled=\u00bboff\u00bb button_border_radius__hover_enabled=\u00bboff\u00bb button_one_border_radius__hover_enabled=\u00bboff\u00bb button_two_border_radius__hover_enabled=\u00bboff\u00bb button_letter_spacing__hover_enabled=\u00bboff\u00bb button_one_letter_spacing__hover_enabled=\u00bboff\u00bb button_two_letter_spacing__hover_enabled=\u00bboff\u00bb button_bg_color__hover_enabled=\u00bboff\u00bb button_one_bg_color__hover_enabled=\u00bboff\u00bb button_two_bg_color__hover_enabled=\u00bboff\u00bb background_enable_color=\u00bboff\u00bb]Encuentros entre periodistas y alumnas\/os en Centros de Secundaria y Bachillerato de Oviedo[\/et_pb_slide][\/et_pb_fullwidth_slider][\/et_pb_section][et_pb_section fb_built=\u00bb1&#8243; _builder_version=\u00bb3.22&#8243; background_color=\u00bb#e0554e\u00bb][et_pb_row column_structure=\u00bb1_2,1_2&#8243; _builder_version=\u00bb3.25&#8243; background_size=\u00bbinitial\u00bb background_position=\u00bbtop_left\u00bb background_repeat=\u00bbrepeat\u00bb][et_pb_column type=\u00bb1_2&#8243; _builder_version=\u00bb3.25&#8243; custom_padding=\u00bb|||\u00bb custom_padding__hover=\u00bb|||\u00bb][et_pb_text _builder_version=\u00bb3.27.4&#8243; text_font_size=\u00bb16px\u00bb text_line_height=\u00bb1.9em\u00bb background_size=\u00bbinitial\u00bb background_position=\u00bbtop_left\u00bb background_repeat=\u00bbrepeat\u00bb background_layout=\u00bbdark\u00bb locked=\u00bboff\u00bb]<\/p>\n<h1>La voz de la imagen<\/h1>\n<p>Encuentros entre alumnos\/as y dos periodista que han vivido en primera persona, y en el ejercicio de su profesi\u00f3n, el <em>mayo franc\u00e9s <\/em>(Jos\u00e9 L. de Pablos) y el <em>15M<\/em> (Francisco R. Men\u00e9ndez).<\/p>\n<p>PROPUESTA:\u00a0reflexi\u00f3n compartida sobre la importancia de los periodistas gr\u00e1ficos y las im\u00e1genes en la difusi\u00f3n de acontecimientos relevantes<\/p>\n<h1><\/h1>\n<p>[\/et_pb_text][et_pb_blurb _builder_version=\u00bb3.2.1&#8243;]&nbsp;[\/et_pb_blurb][et_pb_text _builder_version=\u00bb3.27.4&#8243; text_text_color=\u00bb#ffffff\u00bb text_font_size=\u00bb16px\u00bb text_line_height=\u00bb1.9em\u00bb]<\/p>\n<p style=\"text-align: left;\"><span class=\"s2\">Un documental sobre el mayo franc\u00e9s y el 15 M, elaborado por un grupo de trabajo de profesores de Cangas de On\u00eds, incluyendo poemas de Jose Yebra y Nayar Crespo, se emitir\u00e1 como documento previo al comienzo del encuentro entre alumnos y ponentes<\/span><\/p>\n<p style=\"text-align: left;\"><span class=\"s2\">(Provisionalmente, aqu\u00ed, Le Metec, de G. Moustaki)\u00a0<\/span><\/p>\n<p>[\/et_pb_text][\/et_pb_column][et_pb_column type=\u00bb1_2&#8243; _builder_version=\u00bb3.25&#8243; custom_padding=\u00bb|||\u00bb custom_padding__hover=\u00bb|||\u00bb][et_pb_video src=\u00bbhttps:\/\/youtu.be\/KHqo2aSecGY\u00bb image_src=\u00bbhttp:\/\/mayodel68.org\/wp-content\/uploads\/2018\/04\/Sed-realistas-pedid-lo-imposible.jpg\u00bb play_icon_color=\u00bb#7272ff\u00bb _builder_version=\u00bb3.2.2&#8243; custom_margin=\u00bb60px|||\u00bb animation_style=\u00bbzoom\u00bb animation_direction=\u00bbleft\u00bb animation_intensity_zoom=\u00bb10%\u00bb]&nbsp;[\/et_pb_video][et_pb_button button_url=\u00bbhttps:\/\/es.wikiquote.org\/wiki\/Mayo_franc%C3%A9s\u00bb url_new_window=\u00bbon\u00bb button_text=\u00bbLemas de mayo\u00bb button_alignment=\u00bbcenter\u00bb _builder_version=\u00bb3.16&#8243; custom_button=\u00bbon\u00bb button_text_size=\u00bb16px\u00bb button_text_color=\u00bb#7272ff\u00bb button_bg_color=\u00bb#ffffff\u00bb button_border_width=\u00bb10px\u00bb button_border_color=\u00bb#ffffff\u00bb button_border_radius=\u00bb100px\u00bb button_letter_spacing=\u00bb1px\u00bb button_font=\u00bb|on||on|\u00bb button_use_icon=\u00bboff\u00bb custom_margin=\u00bb20px|||\u00bb animation_style=\u00bbzoom\u00bb animation_intensity_zoom=\u00bb6%\u00bb box_shadow_style=\u00bbpreset1&#8243; box_shadow_vertical=\u00bb10px\u00bb box_shadow_blur=\u00bb50px\u00bb box_shadow_spread=\u00bb5px\u00bb box_shadow_color=\u00bbrgba(181,181,255,0.38)\u00bb button_letter_spacing_hover=\u00bb2px\u00bb saved_tabs=\u00bball\u00bb locked=\u00bboff\u00bb button_text_size__hover_enabled=\u00bboff\u00bb button_one_text_size__hover_enabled=\u00bboff\u00bb button_two_text_size__hover_enabled=\u00bboff\u00bb button_text_color__hover_enabled=\u00bboff\u00bb button_one_text_color__hover_enabled=\u00bboff\u00bb button_two_text_color__hover_enabled=\u00bboff\u00bb button_border_width__hover_enabled=\u00bboff\u00bb button_one_border_width__hover_enabled=\u00bboff\u00bb button_two_border_width__hover_enabled=\u00bboff\u00bb button_border_color__hover_enabled=\u00bboff\u00bb button_one_border_color__hover_enabled=\u00bboff\u00bb button_two_border_color__hover_enabled=\u00bboff\u00bb button_border_radius__hover_enabled=\u00bboff\u00bb button_one_border_radius__hover_enabled=\u00bboff\u00bb button_two_border_radius__hover_enabled=\u00bboff\u00bb button_letter_spacing__hover_enabled=\u00bbon\u00bb button_letter_spacing__hover=\u00bb2px\u00bb button_one_letter_spacing__hover_enabled=\u00bboff\u00bb button_two_letter_spacing__hover_enabled=\u00bboff\u00bb button_bg_color__hover_enabled=\u00bboff\u00bb button_one_bg_color__hover_enabled=\u00bboff\u00bb button_two_bg_color__hover_enabled=\u00bboff\u00bb]&nbsp;[\/et_pb_button][\/et_pb_column][\/et_pb_row][\/et_pb_section][et_pb_section fb_built=\u00bb1&#8243; _builder_version=\u00bb3.22&#8243; background_color=\u00bb#e5e5e5&#8243;][et_pb_row _builder_version=\u00bb3.25&#8243; background_size=\u00bbinitial\u00bb background_position=\u00bbtop_left\u00bb background_repeat=\u00bbrepeat\u00bb][et_pb_column type=\u00bb4_4&#8243; _builder_version=\u00bb3.25&#8243; custom_padding=\u00bb|||\u00bb custom_padding__hover=\u00bb|||\u00bb][et_pb_text _builder_version=\u00bb3.27.4&#8243;]<\/p>\n<h1 style=\"text-align: center;\">De Mayo del 68 al 15 M: la voz de la imagen<\/h1>\n<h3 style=\"text-align: center;\">Dos reporteros se entrevistan con los alumnos de los institutos<\/h3>\n<p>[\/et_pb_text][\/et_pb_column][\/et_pb_row][et_pb_row column_structure=\u00bb1_2,1_2&#8243; _builder_version=\u00bb3.25&#8243; background_size=\u00bbinitial\u00bb background_position=\u00bbtop_left\u00bb background_repeat=\u00bbrepeat\u00bb][et_pb_column type=\u00bb1_2&#8243; _builder_version=\u00bb3.25&#8243; custom_padding=\u00bb|||\u00bb custom_padding__hover=\u00bb|||\u00bb][et_pb_team_member name=\u00bbJos\u00e9 Luis de Pablos\u00bb position=\u00bbReportero gr\u00e1fico\u00bb image_url=\u00bbhttps:\/\/mayodel68.org\/wp-content\/uploads\/2018\/04\/Jose\u0301-L.-de-Pablos.jpg\u00bb _builder_version=\u00bb3.2&#8243; custom_css_member_image=\u00bbwidth:135px;\u00bb]<\/p>\n<ul>\n<li>Reportero Gra\u0301fico de TVE<\/li>\n<li>Redactor Jefe de la seccio\u0301n de fotografi\u0301a en Cambio 16<\/li>\n<li>Redactor Jefe de fotografi\u0301a en Kappa Press Photo<\/li>\n<li>Redactor Jefe de fotografi\u0301a en la agencia Blaso\u0301n<\/li>\n<li>Corresponsal de Guerra en Portugal, Sahara Occidental,<br \/>\nArgelia, Angola, Zaire, Congo Brazza, Guinea Ecuatorial, Mauritania, Marruecos, Irak, Jordania, Israel, Honduras, Nicaragua y Camboya.<\/li>\n<li>En 1968, Jose Luis de Pablos era periodista <em style=\"font-size: 14px;\">freelance<\/em><span style=\"font-size: 14px;\"> y estuvo en Par\u00eds durante esos esos d\u00edas.\u00a0<\/span><\/li>\n<\/ul>\n<p>[\/et_pb_team_member][\/et_pb_column][et_pb_column type=\u00bb1_2&#8243; _builder_version=\u00bb3.25&#8243; custom_padding=\u00bb|||\u00bb custom_padding__hover=\u00bb|||\u00bb][et_pb_team_member name=\u00bbPacho Rodr\u00edguez\u00bb position=\u00bbPeriodista\u00bb image_url=\u00bbhttps:\/\/mayodel68.org\/wp-content\/uploads\/2018\/04\/Francisco-R.-Alonso-.jpg\u00bb _builder_version=\u00bb3.2&#8243; border_radii_image=\u00bbon|50px|50px|50px|50px\u00bb]<\/p>\n<ul>\n<li>Redactor corresponsal en Madrid para Diario de Leo\u0301n abarcando todas las secciones. Combina\u0301ndolo tambie\u0301n con informaciones de a\u0301mbito provincial leone\u0301s. Desde 2004.<\/li>\n<li>Redactor colaborador para La Voz de Galicia en Madrid. Con especial incidencia en las secciones de Cultura y Sociedad.<\/li>\n<li>Redactor colaborador para El Mundo de Castilla y Leo\u0301n. Especializado en temas en Madrid de la comunidad castellano y leonesa.<\/li>\n<li>En ejercicio de su profesi\u00f3n, asisti\u00f3 y cubri\u00f3 los acontecimientos del 15 M en Madrid.<\/li>\n<\/ul>\n<p>[\/et_pb_team_member][\/et_pb_column][\/et_pb_row][\/et_pb_section][et_pb_section fb_built=\u00bb1&#8243; admin_label=\u00bbFeatures Section\u00bb _builder_version=\u00bb3.22&#8243; custom_padding=\u00bb100px|0px|100px|0px\u00bb][et_pb_row column_structure=\u00bb2_3,1_3&#8243; admin_label=\u00bbOnline Learning\u00bb _builder_version=\u00bb3.25&#8243; background_size=\u00bbinitial\u00bb background_position=\u00bbtop_left\u00bb background_repeat=\u00bbrepeat\u00bb custom_padding=\u00bb90px|0px|90px|0px\u00bb][et_pb_column type=\u00bb2_3&#8243; _builder_version=\u00bb3.25&#8243; custom_padding=\u00bb|||\u00bb custom_padding__hover=\u00bb|||\u00bb][et_pb_text _builder_version=\u00bb3.27.4&#8243; text_text_color=\u00bb#7272ff\u00bb header_font=\u00bb|on|||\u00bb header_text_color=\u00bb#7272ff\u00bb header_font_size=\u00bb36px\u00bb header_line_height=\u00bb1.3em\u00bb background_size=\u00bbinitial\u00bb background_position=\u00bbtop_left\u00bb background_repeat=\u00bbrepeat\u00bb custom_margin=\u00bb||20px|\u00bb animation_style=\u00bbslide\u00bb animation_direction=\u00bbbottom\u00bb animation_intensity_slide=\u00bb10%\u00bb locked=\u00bboff\u00bb]<\/p>\n<h1>La voz de la imagen<\/h1>\n<p>[\/et_pb_text][et_pb_divider color=\u00bb#09e1c0&#8243; divider_weight=\u00bb4px\u00bb disabled_on=\u00bbon|on|off\u00bb _builder_version=\u00bb3.2&#8243; background_size=\u00bbinitial\u00bb background_position=\u00bbtop_left\u00bb background_repeat=\u00bbrepeat\u00bb max_width=\u00bb40px\u00bb module_alignment=\u00bbleft\u00bb custom_margin=\u00bb||10px|\u00bb animation_style=\u00bbzoom\u00bb animation_direction=\u00bbleft\u00bb saved_tabs=\u00bball\u00bb locked=\u00bboff\u00bb]&nbsp;[\/et_pb_divider][et_pb_text _builder_version=\u00bb3.27.4&#8243; text_text_color=\u00bb#8585bd\u00bb text_font_size=\u00bb16px\u00bb text_line_height=\u00bb1.9em\u00bb animation_style=\u00bbzoom\u00bb animation_intensity_zoom=\u00bb6%\u00bb locked=\u00bboff\u00bb]<span style=\"color: #2e2545;\"><strong>Descripci\u00f3n de la actividad en Centros<\/strong><\/span><\/p>\n<p><strong>Motivaci\u00f3n<\/strong>: La creatividad desbordante del mayo franc\u00e9s, supuso un yacimiento de gran calado para el reportaje gr\u00e1fico. La censura se desmoronaba y los documentalistas beb\u00edan directamente en una realidad rica en iconos, lemas y propuestas gr\u00e1ficas<\/p>\n<p><strong>Actividad:<\/strong><\/p>\n<ul>\n<li>Visi\u00f3n del Documental, 10\u00a0 minutos<\/li>\n<li>intervenci\u00f3n de Jos\u00e9 L. de Pablos, 15 minutos<\/li>\n<li>intervenci\u00f3n de Francisco R. Alonso, 15 minutos\n<ul>\n<li>Los ponentes describir\u00e1n a los alumnos\/as el trabajo period\u00edstico y su reflexi\u00f3n sobre Mayo del 68 y el 15 M, a partir de su experiencia directa y profesional.\u00a0 transmitiendo su experiencia directa.<\/li>\n<\/ul>\n<\/li>\n<li>Coloquio con los estudiantes.<\/li>\n<li>Alumnado previsto: en funci\u00f3n de las posibilidades de cada Centro, 1\u00ba\/2\u00ba de Bachillerato. Opcionalmente: 3\u00ba\/4\u00ba de ESO<\/li>\n<li>Material de recuerdo: se entregar\u00e1 a cada alumno\/a un separador de libros,\u00a0ilustrado con dibujos del pintor y escultor \u201cQijano\u201d, y con\u00a0frases conmemorativas de Mayo del 68, en espa\u00f1ol y en franc\u00e9s.<\/li>\n<\/ul>\n<p>[\/et_pb_text][\/et_pb_column][et_pb_column type=\u00bb1_3&#8243; _builder_version=\u00bb3.25&#8243; custom_padding=\u00bb|||\u00bb custom_padding__hover=\u00bb|||\u00bb][et_pb_image src=\u00bbhttp:\/\/mayodel68.org\/wp-content\/uploads\/2018\/04\/coding-isometric-06.png\u00bb align_tablet=\u00bbcenter\u00bb align_phone=\u00bb\u00bb align_last_edited=\u00bbon|desktop\u00bb _builder_version=\u00bb3.23&#8243; background_image=\u00bbhttp:\/\/mayodel68.org\/wp-content\/uploads\/2018\/02\/Situationist.jpg\u00bb max_width=\u00bb90%\u00bb module_alignment=\u00bbcenter\u00bb animation_style=\u00bbzoom\u00bb animation_direction=\u00bbleft\u00bb animation_delay=\u00bb100ms\u00bb animation_intensity_zoom=\u00bb20%\u00bb]&nbsp;[\/et_pb_image][\/et_pb_column][\/et_pb_row][\/et_pb_section][et_pb_section fb_built=\u00bb1&#8243; fullwidth=\u00bbon\u00bb _builder_version=\u00bb3.22&#8243;][et_pb_fullwidth_slider _builder_version=\u00bb3.16&#8243; button_text_size__hover_enabled=\u00bboff\u00bb button_one_text_size__hover_enabled=\u00bboff\u00bb button_two_text_size__hover_enabled=\u00bboff\u00bb button_text_color__hover_enabled=\u00bboff\u00bb button_one_text_color__hover_enabled=\u00bboff\u00bb button_two_text_color__hover_enabled=\u00bboff\u00bb button_border_width__hover_enabled=\u00bboff\u00bb button_one_border_width__hover_enabled=\u00bboff\u00bb button_two_border_width__hover_enabled=\u00bboff\u00bb button_border_color__hover_enabled=\u00bboff\u00bb button_one_border_color__hover_enabled=\u00bboff\u00bb button_two_border_color__hover_enabled=\u00bboff\u00bb button_border_radius__hover_enabled=\u00bboff\u00bb button_one_border_radius__hover_enabled=\u00bboff\u00bb button_two_border_radius__hover_enabled=\u00bboff\u00bb button_letter_spacing__hover_enabled=\u00bboff\u00bb button_one_letter_spacing__hover_enabled=\u00bboff\u00bb button_two_letter_spacing__hover_enabled=\u00bboff\u00bb button_bg_color__hover_enabled=\u00bboff\u00bb button_one_bg_color__hover_enabled=\u00bboff\u00bb button_two_bg_color__hover_enabled=\u00bboff\u00bb][et_pb_slide heading=\u00bbIES Pando, sal\u00f3n de actos, 17 de mayo de 2018&#8243; use_bg_overlay=\u00bboff\u00bb use_text_overlay=\u00bbon\u00bb _builder_version=\u00bb3.16&#8243; background_image=\u00bbhttps:\/\/mayo68.puenteromano.net\/wp-content\/uploads\/2018\/05\/IES-Pando-sala-e1526553644979.jpg\u00bb button_on_hover=\u00bbon\u00bb button_text_size__hover_enabled=\u00bboff\u00bb button_one_text_size__hover_enabled=\u00bboff\u00bb button_two_text_size__hover_enabled=\u00bboff\u00bb button_text_color__hover_enabled=\u00bboff\u00bb button_one_text_color__hover_enabled=\u00bboff\u00bb button_two_text_color__hover_enabled=\u00bboff\u00bb button_border_width__hover_enabled=\u00bboff\u00bb button_one_border_width__hover_enabled=\u00bboff\u00bb button_two_border_width__hover_enabled=\u00bboff\u00bb button_border_color__hover_enabled=\u00bboff\u00bb button_one_border_color__hover_enabled=\u00bboff\u00bb button_two_border_color__hover_enabled=\u00bboff\u00bb button_border_radius__hover_enabled=\u00bboff\u00bb button_one_border_radius__hover_enabled=\u00bboff\u00bb button_two_border_radius__hover_enabled=\u00bboff\u00bb button_letter_spacing__hover_enabled=\u00bboff\u00bb button_one_letter_spacing__hover_enabled=\u00bboff\u00bb button_two_letter_spacing__hover_enabled=\u00bboff\u00bb button_bg_color__hover_enabled=\u00bboff\u00bb button_one_bg_color__hover_enabled=\u00bboff\u00bb button_two_bg_color__hover_enabled=\u00bboff\u00bb]<\/p>\n<h1>50 a\u00f1os despu\u00e9s<\/h1>\n<h2>Mayo del 68- Mayo de 2018<\/h2>\n<h3>Actividades conmemorativas<\/h3>\n<p>[\/et_pb_slide][et_pb_slide heading=\u00bbIES Rey Pelayo, Cangas de On\u00eds, 15 de mayo de 2018&#8243; use_bg_overlay=\u00bboff\u00bb use_text_overlay=\u00bboff\u00bb _builder_version=\u00bb3.16&#8243; background_image=\u00bbhttps:\/\/mayo68.puenteromano.net\/wp-content\/uploads\/2018\/05\/Imagen-15-5-18-a-las-17.37-e1526399087266.jpg\u00bb button_on_hover=\u00bbon\u00bb button_text_size__hover_enabled=\u00bboff\u00bb button_one_text_size__hover_enabled=\u00bboff\u00bb button_two_text_size__hover_enabled=\u00bboff\u00bb button_text_color__hover_enabled=\u00bboff\u00bb button_one_text_color__hover_enabled=\u00bboff\u00bb button_two_text_color__hover_enabled=\u00bboff\u00bb button_border_width__hover_enabled=\u00bboff\u00bb button_one_border_width__hover_enabled=\u00bboff\u00bb button_two_border_width__hover_enabled=\u00bboff\u00bb button_border_color__hover_enabled=\u00bboff\u00bb button_one_border_color__hover_enabled=\u00bboff\u00bb button_two_border_color__hover_enabled=\u00bboff\u00bb button_border_radius__hover_enabled=\u00bboff\u00bb button_one_border_radius__hover_enabled=\u00bboff\u00bb button_two_border_radius__hover_enabled=\u00bboff\u00bb button_letter_spacing__hover_enabled=\u00bboff\u00bb button_one_letter_spacing__hover_enabled=\u00bboff\u00bb button_two_letter_spacing__hover_enabled=\u00bboff\u00bb button_bg_color__hover_enabled=\u00bboff\u00bb button_one_bg_color__hover_enabled=\u00bboff\u00bb button_two_bg_color__hover_enabled=\u00bboff\u00bb]<\/p>\n<h1>50 a\u00f1os despu\u00e9s<\/h1>\n<h2>Mayo del 68- Mayo de 2018<\/h2>\n<h3>Actividades conmemorativas<\/h3>\n<p>[\/et_pb_slide][et_pb_slide heading=\u00bbIES Pando, presentaci\u00f3n del acto, 17 de mayo de 2018&#8243; use_bg_overlay=\u00bboff\u00bb use_text_overlay=\u00bboff\u00bb _builder_version=\u00bb3.16&#8243; background_image=\u00bbhttps:\/\/mayo68.puenteromano.net\/wp-content\/uploads\/2018\/05\/IES-Pando-mesa-e1526553599417.jpg\u00bb button_on_hover=\u00bbon\u00bb button_text_size__hover_enabled=\u00bboff\u00bb button_one_text_size__hover_enabled=\u00bboff\u00bb button_two_text_size__hover_enabled=\u00bboff\u00bb button_text_color__hover_enabled=\u00bboff\u00bb button_one_text_color__hover_enabled=\u00bboff\u00bb button_two_text_color__hover_enabled=\u00bboff\u00bb button_border_width__hover_enabled=\u00bboff\u00bb button_one_border_width__hover_enabled=\u00bboff\u00bb button_two_border_width__hover_enabled=\u00bboff\u00bb button_border_color__hover_enabled=\u00bboff\u00bb button_one_border_color__hover_enabled=\u00bboff\u00bb button_two_border_color__hover_enabled=\u00bboff\u00bb button_border_radius__hover_enabled=\u00bboff\u00bb button_one_border_radius__hover_enabled=\u00bboff\u00bb button_two_border_radius__hover_enabled=\u00bboff\u00bb button_letter_spacing__hover_enabled=\u00bboff\u00bb button_one_letter_spacing__hover_enabled=\u00bboff\u00bb button_two_letter_spacing__hover_enabled=\u00bboff\u00bb button_bg_color__hover_enabled=\u00bboff\u00bb button_one_bg_color__hover_enabled=\u00bboff\u00bb button_two_bg_color__hover_enabled=\u00bboff\u00bb]<\/p>\n<h1>50 a\u00f1os despu\u00e9s<\/h1>\n<h2>Mayo del 68- Mayo de 2018<\/h2>\n<h3>Actividades conmemorativas<\/h3>\n<p>[\/et_pb_slide][\/et_pb_fullwidth_slider][\/et_pb_section][et_pb_section fb_built=\u00bb1&#8243; specialty=\u00bbon\u00bb admin_label=\u00bbInstructors\u00bb _builder_version=\u00bb3.22&#8243; custom_padding=\u00bb101px|0px|100px|0px\u00bb][et_pb_column type=\u00bb1_3&#8243; _builder_version=\u00bb3.25&#8243; custom_padding=\u00bb|||\u00bb custom_padding__hover=\u00bb|||\u00bb][et_pb_text _builder_version=\u00bb3.27.4&#8243; text_text_color=\u00bb#7272ff\u00bb header_font=\u00bb|on|||\u00bb header_text_color=\u00bb#7272ff\u00bb header_font_size=\u00bb36px\u00bb header_line_height=\u00bb1.3em\u00bb background_size=\u00bbinitial\u00bb background_position=\u00bbtop_left\u00bb background_repeat=\u00bbrepeat\u00bb custom_margin=\u00bb||20px|\u00bb animation_style=\u00bbslide\u00bb animation_direction=\u00bbbottom\u00bb animation_intensity_slide=\u00bb10%\u00bb locked=\u00bboff\u00bb]<\/p>\n<h1>Institutos<\/h1>\n<p>[\/et_pb_text][et_pb_divider color=\u00bb#09e1c0&#8243; divider_weight=\u00bb4px\u00bb disabled_on=\u00bbon|on|off\u00bb _builder_version=\u00bb3.2&#8243; background_size=\u00bbinitial\u00bb background_position=\u00bbtop_left\u00bb background_repeat=\u00bbrepeat\u00bb max_width=\u00bb40px\u00bb module_alignment=\u00bbleft\u00bb custom_margin=\u00bb||10px|\u00bb animation_style=\u00bbzoom\u00bb animation_direction=\u00bbleft\u00bb saved_tabs=\u00bball\u00bb locked=\u00bboff\u00bb]&nbsp;[\/et_pb_divider][et_pb_text _builder_version=\u00bb3.27.4&#8243; text_text_color=\u00bb#8585bd\u00bb text_font_size=\u00bb16px\u00bb text_line_height=\u00bb1.9em\u00bb animation_style=\u00bbzoom\u00bb animation_intensity_zoom=\u00bb6%\u00bb locked=\u00bboff\u00bb]<span style=\"color: #2e2545;\"><strong>Centros de Educaci\u00f3n Secundaria que participan en los encuentros de Mayo<\/strong><\/span><\/p>\n<p>La propuesta creativa parte del IES Rey Pelayo, de Cangas de On\u00eds, y se extiende a tres Institutos de Oviedo, donde se materializan el intercambio de opiniones, experiencias y documentos.[\/et_pb_text][\/et_pb_column][et_pb_column type=\u00bb2_3&#8243; specialty_columns=\u00bb2&#8243; _builder_version=\u00bb3.25&#8243; custom_padding=\u00bb|||\u00bb custom_padding__hover=\u00bb|||\u00bb][et_pb_row_inner column_structure=\u00bb1_2,1_2&#8243; admin_label=\u00bbFila\u00bb _builder_version=\u00bb3.25&#8243;][et_pb_column_inner type=\u00bb1_2&#8243; saved_specialty_column_type=\u00bb2_3&#8243; _builder_version=\u00bb3.25&#8243; custom_padding=\u00bb|||\u00bb custom_padding__hover=\u00bb|||\u00bb][et_pb_blurb title=\u00bbIES Rey Pelayo\u00bb url=\u00bb#\u00bb image=\u00bbhttps:\/\/mayodel68.org\/wp-content\/uploads\/2018\/04\/Logo-Rey-Pelayo.png\u00bb icon_placement=\u00bbleft\u00bb image_max_width=\u00bb65px\u00bb content_max_width=\u00bb1100px\u00bb _builder_version=\u00bb3.2.2&#8243; header_font=\u00bb|on|||\u00bb header_text_color=\u00bb#2e2545&#8243; header_line_height=\u00bb1.5em\u00bb body_text_color=\u00bb#8585bd\u00bb body_line_height=\u00bb1.9em\u00bb background_color=\u00bb#ffffff\u00bb module_alignment=\u00bbleft\u00bb custom_margin=\u00bb|||\u00bb custom_padding=\u00bb60px|40px|30px|40px\u00bb animation_style=\u00bbslide\u00bb animation_direction=\u00bbtop\u00bb animation_intensity_slide=\u00bb5%\u00bb animation_starting_opacity=\u00bb100%\u00bb border_radii=\u00bbon|10px|10px|10px|10px\u00bb box_shadow_style=\u00bbpreset1&#8243; box_shadow_color=\u00bb#0c71c3&#8243; locked=\u00bboff\u00bb]Cangas de On\u00eds, martes 15, de\u00a012:25 a 14:15[\/et_pb_blurb][et_pb_blurb title=\u00bbIES Leopoldo Alas\u00bb url=\u00bb#\u00bb image=\u00bbhttps:\/\/mayodel68.org\/wp-content\/uploads\/2018\/05\/Logo-IES-Leopoldo-Alas-Clari\u0301n.jpg\u00bb icon_placement=\u00bbleft\u00bb image_max_width=\u00bb65px\u00bb content_max_width=\u00bb1100px\u00bb _builder_version=\u00bb3.2.2&#8243; header_font=\u00bb|on|||\u00bb header_text_color=\u00bb#2e2545&#8243; header_line_height=\u00bb1.5em\u00bb body_text_color=\u00bb#8585bd\u00bb body_line_height=\u00bb1.9em\u00bb background_color=\u00bb#ffffff\u00bb module_alignment=\u00bbleft\u00bb custom_margin=\u00bb|||\u00bb custom_padding=\u00bb60px|40px|30px|40px\u00bb animation_style=\u00bbslide\u00bb animation_direction=\u00bbtop\u00bb animation_intensity_slide=\u00bb5%\u00bb animation_starting_opacity=\u00bb100%\u00bb border_radii=\u00bbon|10px|10px|10px|10px\u00bb box_shadow_style=\u00bbpreset1&#8243; box_shadow_color=\u00bb#0c71c3&#8243; locked=\u00bboff\u00bb]Oviedo, mi\u00e9rcoles 16, de 10:15 a 11:10[\/et_pb_blurb][\/et_pb_column_inner][et_pb_column_inner type=\u00bb1_2&#8243; saved_specialty_column_type=\u00bb2_3&#8243; _builder_version=\u00bb3.25&#8243; custom_padding=\u00bb|||\u00bb custom_padding__hover=\u00bb|||\u00bb][et_pb_blurb title=\u00bbIES Pando\u00bb url=\u00bb#\u00bb image=\u00bbhttps:\/\/mayodel68.org\/wp-content\/uploads\/2018\/04\/Captura-de-pantalla-2018-04-30-a-las-14.19.37.png\u00bb icon_placement=\u00bbleft\u00bb image_max_width=\u00bb65px\u00bb content_max_width=\u00bb1100px\u00bb _builder_version=\u00bb3.2.2&#8243; header_font=\u00bb|on|||\u00bb header_text_color=\u00bb#2e2545&#8243; header_line_height=\u00bb1.5em\u00bb body_text_color=\u00bb#8585bd\u00bb body_line_height=\u00bb1.9em\u00bb background_color=\u00bb#ffffff\u00bb module_alignment=\u00bbleft\u00bb custom_margin=\u00bb|||\u00bb custom_padding=\u00bb60px|40px|30px|40px\u00bb animation_style=\u00bbslide\u00bb animation_direction=\u00bbtop\u00bb animation_intensity_slide=\u00bb5%\u00bb animation_starting_opacity=\u00bb100%\u00bb border_radii=\u00bbon|10px|10px|10px|10px\u00bb box_shadow_style=\u00bbpreset1&#8243; box_shadow_color=\u00bb#0c71c3&#8243; locked=\u00bboff\u00bb]Pando, Oviedo, jueves 17, de 11:30 a 13:30[\/et_pb_blurb][et_pb_blurb url=\u00bb#\u00bb icon_placement=\u00bbleft\u00bb image_max_width=\u00bb65px\u00bb content_max_width=\u00bb1100px\u00bb _builder_version=\u00bb3.2.1&#8243; header_font=\u00bb|on|||\u00bb header_text_color=\u00bb#2e2545&#8243; header_line_height=\u00bb1.5em\u00bb body_text_color=\u00bb#8585bd\u00bb body_line_height=\u00bb1.9em\u00bb background_color=\u00bb#ffffff\u00bb module_alignment=\u00bbleft\u00bb custom_margin=\u00bb|||\u00bb custom_padding=\u00bb60px|40px|30px|40px\u00bb animation_style=\u00bbslide\u00bb animation_direction=\u00bbtop\u00bb animation_intensity_slide=\u00bb5%\u00bb animation_starting_opacity=\u00bb100%\u00bb box_shadow_style=\u00bbpreset7&#8243; box_shadow_horizontal=\u00bb-1px\u00bb box_shadow_vertical=\u00bb-1px\u00bb box_shadow_color=\u00bb#f0f0fa\u00bb locked=\u00bboff\u00bb]&nbsp;[\/et_pb_blurb][\/et_pb_column_inner][\/et_pb_row_inner][\/et_pb_column][\/et_pb_section][et_pb_section fb_built=\u00bb1&#8243; specialty=\u00bbon\u00bb padding_top_2=\u00bb60px\u00bb admin_label=\u00bbContact Information\u00bb _builder_version=\u00bb3.22&#8243; use_background_color_gradient=\u00bbon\u00bb background_color_gradient_start=\u00bb#474ab6&#8243; background_color_gradient_end=\u00bb#9271f6&#8243; background_image=\u00bbhttp:\/\/mayodel68.org\/wp-content\/uploads\/2018\/04\/coding-background-texture.jpg\u00bb background_blend=\u00bboverlay\u00bb custom_padding=\u00bb54px|0px|54px|0px|false|false\u00bb][et_pb_column type=\u00bb1_2&#8243; specialty_columns=\u00bb2&#8243; _builder_version=\u00bb3.25&#8243; custom_padding=\u00bb|||\u00bb custom_padding__hover=\u00bb|||\u00bb][et_pb_row_inner _builder_version=\u00bb3.25&#8243;][et_pb_column_inner saved_specialty_column_type=\u00bb1_2&#8243; _builder_version=\u00bb3.25&#8243; custom_padding=\u00bb|||\u00bb custom_padding__hover=\u00bb|||\u00bb][et_pb_text _builder_version=\u00bb3.27.4&#8243; header_font=\u00bb|on|||\u00bb header_font_size=\u00bb36px\u00bb header_line_height=\u00bb1.3em\u00bb background_layout=\u00bbdark\u00bb custom_margin=\u00bb||20px|\u00bb animation_style=\u00bbzoom\u00bb animation_direction=\u00bbleft\u00bb locked=\u00bboff\u00bb]<\/p>\n<h1>Aprendizaje compartido<\/h1>\n<p>Los alumnso\/as, as\u00ed como el profesorado que haya participado en el intercambio de experiencias con los periodistas, si lo desean, pueden enviar testimonios gr\u00e1ficos, textos u oytros documentos al correo de la web que se facilita a continuaci\u00f3n, con el fin de incluirlos en la web y unidad did\u00e1ctica[\/et_pb_text][et_pb_divider color=\u00bb#09e1c0&#8243; divider_weight=\u00bb4px\u00bb disabled_on=\u00bbon|on|off\u00bb _builder_version=\u00bb3.2&#8243; background_size=\u00bbinitial\u00bb background_position=\u00bbtop_left\u00bb background_repeat=\u00bbrepeat\u00bb max_width=\u00bb40px\u00bb module_alignment=\u00bbleft\u00bb custom_margin=\u00bb||10px|\u00bb animation_style=\u00bbzoom\u00bb animation_direction=\u00bbleft\u00bb saved_tabs=\u00bball\u00bb locked=\u00bboff\u00bb]&nbsp;[\/et_pb_divider][\/et_pb_column_inner][\/et_pb_row_inner][et_pb_row_inner column_structure=\u00bb1_2,1_2&#8243; admin_label=\u00bbRow\u00bb _builder_version=\u00bb3.25&#8243; custom_padding=\u00bb0px|0px|29.6875px|0px\u00bb][et_pb_column_inner type=\u00bb1_2&#8243; saved_specialty_column_type=\u00bb1_2&#8243; _builder_version=\u00bb3.25&#8243; custom_padding=\u00bb|||\u00bb custom_padding__hover=\u00bb|||\u00bb][et_pb_text _builder_version=\u00bb3.27.4&#8243; text_font=\u00bb|on||on|\u00bb text_text_color=\u00bbrgba(255,255,255,0.5)\u00bb background_layout=\u00bbdark\u00bb]Mayo del 68: Pensamiento y est\u00e9tica de la utop\u00eda[\/et_pb_text][\/et_pb_column_inner][et_pb_column_inner type=\u00bb1_2&#8243; saved_specialty_column_type=\u00bb1_2&#8243; _builder_version=\u00bb3.25&#8243; custom_padding=\u00bb|||\u00bb custom_padding__hover=\u00bb|||\u00bb][et_pb_text _builder_version=\u00bb3.27.4&#8243; text_font_size=\u00bb16px\u00bb background_layout=\u00bbdark\u00bb locked=\u00bboff\u00bb]Web y Unidad Did\u00e1ctica[\/et_pb_text][\/et_pb_column_inner][\/et_pb_row_inner][et_pb_row_inner column_structure=\u00bb1_2,1_2&#8243; _builder_version=\u00bb3.25&#8243; custom_padding=\u00bb0px|0px|29.6875px|0px\u00bb][et_pb_column_inner type=\u00bb1_2&#8243; saved_specialty_column_type=\u00bb1_2&#8243; _builder_version=\u00bb3.25&#8243; custom_padding=\u00bb|||\u00bb custom_padding__hover=\u00bb|||\u00bb][et_pb_text _builder_version=\u00bb3.27.4&#8243; text_font=\u00bb|on||on|\u00bb text_text_color=\u00bbrgba(255,255,255,0.5)\u00bb background_layout=\u00bbdark\u00bb]Correo electr\u00f3nico[\/et_pb_text][\/et_pb_column_inner][et_pb_column_inner type=\u00bb1_2&#8243; saved_specialty_column_type=\u00bb1_2&#8243; _builder_version=\u00bb3.25&#8243; custom_padding=\u00bb|||\u00bb custom_padding__hover=\u00bb|||\u00bb][et_pb_text _builder_version=\u00bb3.27.4&#8243; text_font_size=\u00bb16px\u00bb background_layout=\u00bbdark\u00bb locked=\u00bboff\u00bb]documentos@mayodel68.org[\/et_pb_text][\/et_pb_column_inner][\/et_pb_row_inner][et_pb_row_inner _builder_version=\u00bb3.25&#8243;][et_pb_column_inner saved_specialty_column_type=\u00bb1_2&#8243; _builder_version=\u00bb3.25&#8243; custom_padding=\u00bb|||\u00bb custom_padding__hover=\u00bb|||\u00bb][et_pb_divider color=\u00bbrgba(255,255,255,0.15)\u00bb divider_weight=\u00bb3px\u00bb _builder_version=\u00bb3.2&#8243;]&nbsp;[\/et_pb_divider][\/et_pb_column_inner][\/et_pb_row_inner][\/et_pb_column][et_pb_column type=\u00bb1_2&#8243; _builder_version=\u00bb3.25&#8243; custom_padding=\u00bb|||\u00bb custom_padding__hover=\u00bb|||\u00bb][et_pb_image src=\u00bbhttp:\/\/mayodel68.org\/wp-content\/uploads\/2018\/04\/coding-isometric-10.png\u00bb align_tablet=\u00bbcenter\u00bb align_phone=\u00bb\u00bb align_last_edited=\u00bbon|desktop\u00bb _builder_version=\u00bb3.23&#8243; max_width=\u00bb90%\u00bb module_alignment=\u00bbcenter\u00bb animation_style=\u00bbzoom\u00bb animation_direction=\u00bbleft\u00bb animation_delay=\u00bb100ms\u00bb animation_intensity_zoom=\u00bb20%\u00bb locked=\u00bboff\u00bb]&nbsp;[\/et_pb_image][\/et_pb_column][\/et_pb_section]<\/p>\n","protected":false},"excerpt":{"rendered":"<p>Encuentros entre periodistas y alumnas\/os en Centros de Secundaria y Bachillerato de OviedoLa voz de la imagen Encuentros entre alumnos\/as y dos periodista que han vivido en primera persona, y en el ejercicio de su profesi\u00f3n, el mayo franc\u00e9s (Jos\u00e9 L. de Pablos) y el 15M (Francisco R. Men\u00e9ndez). PROPUESTA:\u00a0reflexi\u00f3n compartida sobre la importancia de [&hellip;]<\/p>\n","protected":false},"author":1,"featured_media":1020,"comment_status":"closed","ping_status":"closed","template":"","meta":{"_et_pb_use_builder":"on","_et_pb_old_content":"","_et_gb_content_width":"","footnotes":""},"project_category":[2],"project_tag":[],"class_list":["post-485","project","type-project","status-publish","has-post-thumbnail","hentry","project_category-actos"],"_links":{"self":[{"href":"https:\/\/mayo68.puenteromano.net\/index.php\/wp-json\/wp\/v2\/project\/485","targetHints":{"allow":["GET"]}}],"collection":[{"href":"https:\/\/mayo68.puenteromano.net\/index.php\/wp-json\/wp\/v2\/project"}],"about":[{"href":"https:\/\/mayo68.puenteromano.net\/index.php\/wp-json\/wp\/v2\/types\/project"}],"author":[{"embeddable":true,"href":"https:\/\/mayo68.puenteromano.net\/index.php\/wp-json\/wp\/v2\/users\/1"}],"replies":[{"embeddable":true,"href":"https:\/\/mayo68.puenteromano.net\/index.php\/wp-json\/wp\/v2\/comments?post=485"}],"version-history":[{"count":3,"href":"https:\/\/mayo68.puenteromano.net\/index.php\/wp-json\/wp\/v2\/project\/485\/revisions"}],"predecessor-version":[{"id":1133,"href":"https:\/\/mayo68.puenteromano.net\/index.php\/wp-json\/wp\/v2\/project\/485\/revisions\/1133"}],"wp:featuredmedia":[{"embeddable":true,"href":"https:\/\/mayo68.puenteromano.net\/index.php\/wp-json\/wp\/v2\/media\/1020"}],"wp:attachment":[{"href":"https:\/\/mayo68.puenteromano.net\/index.php\/wp-json\/wp\/v2\/media?parent=485"}],"wp:term":[{"taxonomy":"project_category","embeddable":true,"href":"https:\/\/mayo68.puenteromano.net\/index.php\/wp-json\/wp\/v2\/project_category?post=485"},{"taxonomy":"project_tag","embeddable":true,"href":"https:\/\/mayo68.puenteromano.net\/index.php\/wp-json\/wp\/v2\/project_tag?post=485"}],"curies":[{"name":"wp","href":"https:\/\/api.w.org\/{rel}","templated":true}]}}