{"id":333,"date":"2018-04-28T12:23:19","date_gmt":"2018-04-28T12:23:19","guid":{"rendered":"http:\/\/mayodel68.org\/?post_type=project&#038;p=333"},"modified":"2019-11-21T20:51:55","modified_gmt":"2019-11-21T19:51:55","slug":"bibliografia-sobre-mayo-del-68","status":"publish","type":"project","link":"https:\/\/mayo68.puenteromano.net\/index.php\/project\/bibliografia-sobre-mayo-del-68\/","title":{"rendered":"Bibliograf\u00eda, Luciano Hevia, Librer\u00eda Cervantes"},"content":{"rendered":"<p>[et_pb_section fb_built=\u00bb1&#8243; _builder_version=\u00bb3.22&#8243;][et_pb_row _builder_version=\u00bb3.25&#8243; background_color=\u00bb#000000&#8243;][et_pb_column type=\u00bb4_4&#8243; _builder_version=\u00bb3.25&#8243; custom_padding=\u00bb|||\u00bb custom_padding__hover=\u00bb|||\u00bb][et_pb_text _builder_version=\u00bb3.27.4&#8243; header_font=\u00bbHappy Monkey|700|||||||\u00bb header_text_color=\u00bb#ffffff\u00bb]<\/p>\n<h1 style=\"text-align: center;\">Bibliograf\u00eda y filmograf\u00eda<\/h1>\n<p>[\/et_pb_text][\/et_pb_column][\/et_pb_row][et_pb_row _builder_version=\u00bb3.25&#8243; background_color=\u00bb#ededed\u00bb background_size=\u00bbinitial\u00bb background_position=\u00bbtop_left\u00bb background_repeat=\u00bbrepeat\u00bb custom_padding=\u00bb20px|20px|20px|20px|true|true\u00bb column_structure=\u00bb1_2,1_2&#8243;][et_pb_column type=\u00bb1_2&#8243; _builder_version=\u00bb3.25&#8243; custom_padding=\u00bb|||\u00bb custom_padding__hover=\u00bb|||\u00bb][et_pb_text _builder_version=\u00bb3.27.4&#8243; text_text_color=\u00bb#000000&#8243;]<\/p>\n<h1>Bibliograf\u00eda<\/h1>\n<h4>Luciano Hevia Noriega, Librer\u00eda Cervantes (Oviedo)<\/h4>\n<p>_____________________________________________<\/p>\n<div id=\"attachment_337\" class=\"wp-caption alignleft\" style=\"width: 310px;\">\n<p><img loading=\"lazy\" decoding=\"async\" class=\"wp-image-337 size-medium\" src=\"https:\/\/mayodel68.org\/wp-content\/uploads\/2018\/04\/Bibliografi\u0301a-sobre-M68-Luciano-Hevia-Libreri\u0301a-Cervantes-Oviedo-300x224.jpg\" sizes=\"(max-width: 300px) 100vw, 300px\" srcset=\"https:\/\/mayodel68.org\/wp-content\/uploads\/2018\/04\/Bibliografi\u0301a-sobre-M68-Luciano-Hevia-Libreri\u0301a-Cervantes-Oviedo-300x224.jpg 300w, https:\/\/mayodel68.org\/wp-content\/uploads\/2018\/04\/Bibliografi\u0301a-sobre-M68-Luciano-Hevia-Libreri\u0301a-Cervantes-Oviedo-768x574.jpg 768w, https:\/\/mayodel68.org\/wp-content\/uploads\/2018\/04\/Bibliografi\u0301a-sobre-M68-Luciano-Hevia-Libreri\u0301a-Cervantes-Oviedo-1024x765.jpg 1024w, https:\/\/mayodel68.org\/wp-content\/uploads\/2018\/04\/Bibliografi\u0301a-sobre-M68-Luciano-Hevia-Libreri\u0301a-Cervantes-Oviedo-510x382.jpg 510w, https:\/\/mayodel68.org\/wp-content\/uploads\/2018\/04\/Bibliografi\u0301a-sobre-M68-Luciano-Hevia-Libreri\u0301a-Cervantes-Oviedo-1080x807.jpg 1080w, https:\/\/mayodel68.org\/wp-content\/uploads\/2018\/04\/Bibliografi\u0301a-sobre-M68-Luciano-Hevia-Libreri\u0301a-Cervantes-Oviedo.jpg 1448w\" alt=\"\" width=\"300\" height=\"224\" \/><\/p>\n<p class=\"wp-caption-text\">Librer\u00eda Cervantes, Oviedo<\/p>\n<\/div>\n<ul>\n<li>Albiac, Gabriel, <strong>Mayo 68. Fin de fiesta<\/strong>, Confluencias, 2018<\/li>\n<li>Amor\u00f3s, Miguel, 1968. <strong>El a\u00f1o sublime de la acracia<\/strong>, Virus, 2015<\/li>\n<li>Anatrella, Tony, <strong>La diferencia prohibida<\/strong>, Encuentro, 2008<\/li>\n<li>Anasagasti, Antonio, <strong>Hijos del Mayo del 68<\/strong>, Alhulia, 2014<\/li>\n<li>Aron, Raymond, <strong>Memorias<\/strong>, Alianza, 1994<\/li>\n<li>Aron, Raymond, <strong>La libertad, \u00bfliberal o libertaria?<\/strong>, P\u00e1gina Ind\u00f3mita, 2018<\/li>\n<li>Astarian, Bruno, <strong>Las huelgas en Francia durante mayo y junio de 1968<\/strong>, Traficantes, 2008<\/li>\n<li>Badenes, Patricia, <strong>La est\u00e9tica en las barricadas<\/strong>, Universitat Jaume I, 2006<\/li>\n<li>Badenes, Patricia, <strong>Fronteras de papel<\/strong>. El Mayo franc\u00e9s en la Espa\u00f1a del 68, C\u00e1tedra, 2018<\/li>\n<li>Badiou, Alain, <strong>El despertar de la historia<\/strong>, Nueva Visi\u00f3n, 2012<\/li>\n<li>Balestrini, Nanni y Moroni, Primo, <strong>La horda de oro (1968-1977)<\/strong>, Traficantes, 2006<\/li>\n<li>Baynac, Jacques, Mayo del 68. <strong>La revoluci\u00f3n de la revoluci\u00f3n<\/strong>, Acuarela, 2016<\/li>\n<li>Beauvoir, Simone de, <strong>Final de cuentas<\/strong>, Edhasa, 1984<\/li>\n<li>Blanchot, Maurice, <strong>Escritos pol\u00edticos<\/strong>, Acuarela, 2010<\/li>\n<li>Brodsky,\u00a0Marcelo, 1968. <strong>El fuego de las ideas<\/strong>, RM Verlag, 2018<\/li>\n<li>Carabante, Jos\u00e9 Mar\u00eda, <strong>Mayo del 68<\/strong>, Rialp, 2018<\/li>\n<li>Castillo, Fernando, <strong>Par\u00eds-Modiano.<\/strong> <strong>De la ocupaci\u00f3n a Mayo del 68<\/strong>, F\u00f3rcola, 2015<\/li>\n<li>Cohen, Emma, <strong>La libreta francesa. Mayo del 68<\/strong>, Universitat Jaume I, 2010<\/li>\n<li>Cohn-Bendit, Daniel, <strong>La revoluci\u00f3n y nosotros que la quisimos tanto<\/strong>, Anagrama, 1998<\/li>\n<li>Cohn-Bendit, Daniel, <strong>La rebeli\u00f3n del 68<\/strong>, Global Rhythm Press, 2008<\/li>\n<li>Comolli, Jean-Louis, <strong>Mayo franc\u00e9s. La c\u00e1mara opaca<\/strong>, El Cuenco de Plata, 2016<\/li>\n<li>Daum, Nicolas, <strong>Mayo del 68: La palabra an\u00f3nima<\/strong>, Acuarela, 2018<\/li>\n<li>Debord, Guy, <strong>La sociedad del espect\u00e1culo<\/strong>, Pretextos, 2005<\/li>\n<li>Debord, Guy, <strong>Filosof\u00eda para indignados<\/strong>, RBA, 2013<\/li>\n<li>Elorza, Antonio, <strong>Utop\u00edas del 68<\/strong>, Pasado y Presente, 2018<\/li>\n<li>Estefan\u00eda, Joaqu\u00edn, <strong>Revoluciones<\/strong>, Galaxia Gutenberg, 2018<\/li>\n<li>Ferreras, Juan Ignacio, T<strong>r\u00e1nsito del mundo. Par\u00eds, Mayo del 68<\/strong>, Lobo Sapiens, 2009<\/li>\n<li>Franc, Alexandre, <strong>Mayo del 68<\/strong>, N\u00f3rdica, 2018<\/li>\n<li>Fuentes, Carlos, <strong>Los 68. Par\u00eds, Praga, M\u00e9xico<\/strong>, Debate, 2005<\/li>\n<li>Gallant, Mavis, <strong>Los sucesos de mayo. Par\u00eds<\/strong>, 1968, Alba, 2008<\/li>\n<li>Gerassi, John, <strong>Conversaciones con Sartre<\/strong>, Sexto Piso, 2012<\/li>\n<li>Glucksmann, Andr\u00e9, <strong>Mayo del 68. Por la subversi\u00f3n permanente<\/strong>, Taurus, 2018<\/li>\n<li>G\u00f3mez S\u00e1nchez, Omar, <strong>Mayo del 68: La primavera de la utop\u00eda<\/strong>, Longseller, 2001<\/li>\n<li>Gonz\u00e1lez F\u00e9rriz, Ram\u00f3n, <strong>La revoluci\u00f3n divertida<\/strong>, Debate, 2012<\/li>\n<li>Gonz\u00e1lez F\u00e9rriz, Ram\u00f3n, <strong>1968. El nacimiento de un mundo nuevo<\/strong>, Debate, 2018<\/li>\n<li>Ib\u00e1\u00f1ez, Tom\u00e1s, <strong>Esplendor en la noche. Vivencias de Mayo 68<\/strong>, La Linterna Sorda, 2017<\/li>\n<li>Judt, Tony, <strong>Postguerra<\/strong>, Taurus, 2016<\/li>\n<li>Kurlansky, Mark, 1968. <strong>El a\u00f1o que conmocion\u00f3 al mundo<\/strong>, Destino, 2005<\/li>\n<li>Lonchampt, Fran\u00e7ois, <strong>Vuestra revoluci\u00f3n no es la m\u00eda<\/strong>, Alikornio, 1998<\/li>\n<li>Marcuse, Herbert, <strong>El final de la utop\u00eda<\/strong>, Ariel, 1986<\/li>\n<li>Marcuse, Herbert, <strong>El hombre unidimensional<\/strong>, Ariel, 2010<\/li>\n<li>Marcuse, Herbert, <strong>Raz\u00f3n y revoluci\u00f3n<\/strong>, Alianza, 2017<\/li>\n<li>Monsiv\u00e1is, Carlos, El 68. <strong>La tradici\u00f3n de la resistencia<\/strong>, Editorial Era, 2008<\/li>\n<li>Noya, Javier, <strong>Mayo del 68<\/strong>, Catarata, 2018<\/li>\n<li>Pellegrini, Mario, <strong>La imaginaci\u00f3n al poder<\/strong>. Par\u00eds Mayo 1968, Argonauta, 2008<\/li>\n<li>Perlado, Jos\u00e9 Julio, <strong>Par\u00eds, Mayo 1968: Cr\u00f3nica de un corresponsal<\/strong>, EIUNSA, 2008<\/li>\n<li>Plant, Sadie, <strong>El gesto m\u00e1s natural<\/strong>, Errata Naturae, 2008<\/li>\n<li>Ramonet, Ignacio y Chao, Ram\u00f3n, <strong>Par\u00eds rebelde<\/strong>, Debate, 2008<\/li>\n<li>Ross, Kristin, <strong>Mayo del 68 y sus vidas posteriores<\/strong>, Acuarela, 2008<\/li>\n<li>Rubin, Jerry, Do it! <strong>Escenarios de la revoluci\u00f3n<\/strong>, Blackie Books, 2009<\/li>\n<li>S\u00e1enz de Miera, Antonio, <strong>Aquel Mayo del 68<\/strong>, Universidad de Extremadura, 2008<\/li>\n<li>Serrat, Manuel, <strong>Sed realistas, pedid lo imposible<\/strong>, Edhasa, 2018<\/li>\n<li>Sitbon, Michel, <strong>La primavera de Par\u00eds<\/strong>. Cronolog\u00eda gr\u00e1fica de Mayo del 68, Muchnik, 1988<\/li>\n<li>Vaneigem, Raoul, <strong>Tratado del saber vivir para uso de j\u00f3venes generaciones<\/strong>, Anagrama, 2008<\/li>\n<li>Vidal-Beneyto, Jos\u00e9, <strong>Celebraci\u00f3n de Par\u00eds. Lugares y gentes<\/strong>, Universidad de Valencia, 2017<\/li>\n<li>Vidal Villa, Jos\u00e9 Mar\u00eda, <strong>Mayo 68<\/strong>, Bruguera, 1978<\/li>\n<li>Von Randow, Gero, <strong>Revoluciones<\/strong>, Turner, 2018<\/li>\n<li>VV.AA, <strong>De la miseria en el mundo estudiantil<\/strong>, Pepitas de Calabaza, 2018<\/li>\n<li>VV.AA, 1968. <strong>El mundo pudo cambiar de base<\/strong>, Catarata, 2008<\/li>\n<li>VV.AA, Mayo del 68: <strong>La brecha<\/strong>, Nueva Visi\u00f3n, 2009<\/li>\n<li>VV.AA, 1968. <strong>Magnum en el mundo<\/strong>, Lunwerg, 2007<\/li>\n<li>VV.AA, <strong>Mayo del 68: cu\u00e9ntame c\u00f3mo te ha ido<\/strong>, Encuentro, 2018<\/li>\n<li>Winock, Michael, <strong>El siglo de los intelectuales<\/strong>, Edhasa, 2010<\/li>\n<li>Zedong, Mao, <strong>El libro rojo<\/strong>, Espuela de Plata, 2014<\/li>\n<\/ul>\n<p>[\/et_pb_text][\/et_pb_column][et_pb_column type=\u00bb1_2&#8243; _builder_version=\u00bb3.25&#8243; custom_padding=\u00bb|||\u00bb custom_padding__hover=\u00bb|||\u00bb][et_pb_text _builder_version=\u00bb3.27.4&#8243; text_text_color=\u00bb#ffffff\u00bb background_color=\u00bb#000000&#8243; background_layout=\u00bbdark\u00bb custom_padding=\u00bb10px|10px|10px|10px\u00bb]<\/p>\n<h1>Pel\u00edculas<\/h1>\n<h4>Luciano Hevia Noriega<\/h4>\n<p>_____________________________________________<\/p>\n<p><span style=\"color: red;\"><img loading=\"lazy\" decoding=\"async\" class=\"size-medium wp-image-1037 alignleft\" src=\"https:\/\/mayo68.puenteromano.net\/wp-content\/uploads\/2018\/04\/Grandes-tardes-300x176.jpg\" alt=\"\" width=\"300\" height=\"176\" \/>(<strong>Algunas de las pel\u00edculas no son aptas para todos los p\u00fablicos: consultad la calificaci\u00f3n<\/strong>)<\/span><\/p>\n<p>&nbsp;<\/p>\n<p>____________<\/p>\n<ul>\n<li><strong>Mal genio<\/strong> \u2013 Le redoutable \u2013 Michel Hazanavicius \u2013 2017<\/li>\n<li><strong>No Intenso Agora<\/strong> &#8211; No Intenso Agora \u2013 Joao Moreira Salles \u2013 2017<\/li>\n<li><strong>A la caza del Godard del norte<\/strong> \u2013 La Chasse au Godard d&#8217;Abbittibbi \u2013 Eric Morin \u2013 2013<\/li>\n<li><strong>Despu\u00e9s de mayo<\/strong> &#8211; Apr\u00e8s mai\u00a0\u2013 Olivier Assayas &#8211; 2012<\/li>\n<li><strong>Fuera de la ley<\/strong> &#8211; Hors-la-loi \u2013 Rachid Bouchareb \u2013 2010<\/li>\n<li><strong>Ma Saison Super 8<\/strong> &#8211; Ma Saison Super 8 \u2013 Alessandro Avellis -2009<\/li>\n<li><strong>1968. Un mundo en convulsi\u00f3n<\/strong> \u2013 1968. Un monde en r\u00e9voltes \u2013 Mich\u00e9le Dominici &#8211; 2008<\/li>\n<li><strong>N\u00e9s en 68<\/strong> &#8211; N\u00e9s en 68 \u2013 Olivier Ducastel \u2013 2008<\/li>\n<li><strong>Les Lip<\/strong> &#8211; L&#8217;imagination au pouvoir &#8211; Les Lip &#8211; L&#8217;imagination au pouvoir \u2013 Christian Rouaud \u2013 2007<\/li>\n<li><strong>Sartre, a\u00f1os de pasi\u00f3n<\/strong> &#8211; Sartre, l&#8217;\u00e2ge des passions\u00a0\u2013 Claude Goretta &#8211; 2006Los amantes habituales &#8211; Les amants r\u00e9guliers \u2013 Philippe Garrel \u2013 2005<\/li>\n<li><strong>So\u00f1adores<\/strong> &#8211; The Dreamers \u2013 Bernardo Bertolucci \u2013 2003<\/li>\n<li><strong>Toutes les nuits<\/strong> &#8211; Toutes les nuits \u2013 Eug\u00e8ne Green \u2013 2001<\/li>\n<li><strong>Regreso al trabajo<\/strong> \u2013 Reprise \u2013 Herv\u00e9 Le Roux \u2013 1996<\/li>\n<li><strong>Los juncos salvajes<\/strong> &#8211; Les roseaux sauvages \u2013 Andr\u00e9 Techin\u00e9 \u2013 1994<\/li>\n<li><strong>El nacimiento del amor<\/strong> &#8211; La Naissance de l\u2019amour\u00a0 &#8211; Philippe Garrel &#8211; 1993<\/li>\n<li><strong>Netchaiev ha vuelto<\/strong> &#8211; Netcha\u00efev est de retour \u2013 Jacques Deray \u2013 1991<\/li>\n<li><strong>J&#8217;entends plus la guitare<\/strong> &#8211; J&#8217;entends plus la guitare \u2013 Philippe Garrel \u2013 1991<\/li>\n<li><strong>Milou en mayo<\/strong> \u2013 Milou en mai \u2013 Louis Malle \u2013 1990<\/li>\n<li><strong>Mes meilleurs copains<\/strong> &#8211; Mes meilleurs copains \u2013 Jean-Marie Poir\u00e9 \u2013 1989<\/li>\n<li><strong>Une g\u00e9n\u00e9ration<\/strong>\u00a0(C) &#8211; Une g\u00e9n\u00e9ration\u00a0\u2013 Philippe Grandieux \u2013 1982<\/li>\n<li><strong>Morir a los 30 a\u00f1os<\/strong> &#8211; Mourir \u00e0 trente ans \u2013 Romain Goupil \u2013 1982<\/li>\n<li><strong>Cocktail Molotov<\/strong> \u2013 Cocktail Molotov \u2013 Diane Kurys \u2013 1980<\/li>\n<li><strong>Esc\u00e1pate conmigo y r\u00edete despu\u00e9s<\/strong> &#8211; Courage fuyons \u2013 Yves Robert \u2013 1979<\/li>\n<li><strong>In girum imus nocte et consumimur igni<\/strong> &#8211; In girum imus nocte et consumimur igni \u2013 Guy Debord \u2013 1978<\/li>\n<li><strong>El fondo del aire es rojo<\/strong> &#8211; Le fond de l&#8217;air est rouge \u2013 Chris Marker \u2013 1977<\/li>\n<li><strong>Jon\u00e1s, que cumplir\u00e1 los 25 en el a\u00f1o 2000<\/strong> &#8211; Jonas qui aura 25 ans en l&#8217;an 2000 \u2013 Alain Tanner \u2013 1976<\/li>\n<li><strong>R\u00e9futation de tous les jugements, tant \u00e9logieux qu&#8217;hostiles, qui ont \u00e9t\u00e9 jusqu&#8217;ici port\u00e9s sur le film &#8216;La soci\u00e9t\u00e9 du spectacle&#8217;<\/strong> &#8211; Guy Debord \u2013 1975<\/li>\n<li><strong>Avec le sang des autres<\/strong> &#8211; Avec le sang des autres \u2013 Bruno Muel \u2013 1975<\/li>\n<li><strong>Mayo del 68<\/strong> \u2013 Mai 68 \u2013 J\u00e9rome Kanapa y Gudie Lawaetz \u2013 1974<\/li>\n<li><strong>Chacal<\/strong> \u2013 The Day of the Jackal \u2013 Fred Zinnemann \u2013 1973<\/li>\n<li><strong>La sociedad del espect\u00e1culo<\/strong> &#8211; La soci\u00e9t\u00e9 du spectacle \u2013 Guy Debord \u2013 1973<\/li>\n<li><strong>Todo va bien<\/strong> &#8211; Tout va bien \u2013 Jean-Luc Godard \u2013 1972<\/li>\n<li><strong>Fin de semana en Sochaux<\/strong> \u2013 Week-end \u00e0 Sochaux \u2013 Bruno Muel \u2013 1971<\/li>\n<li><strong>Los misterios del organismo<\/strong> &#8211; Misterije organizma\u00a0&#8211; Dusan Makavejev \u2013 1971<\/li>\n<li><strong>Lettre \u00e1 mon ami Pol C\u00e8be<\/strong> (C) &#8211; Lettre \u00e1 mon ami Pol C\u00e8be &#8211; Grupo Medvedkin de Besan\u00e7on &#8211; 1970<\/li>\n<li><strong>Sochaux, 11 juin 1968<\/strong> (C) &#8211; Sochaux, 11 juin 1968 \u2013 Bruno Muel \u2013 1970<\/li>\n<li><strong>Destroy Yourselves<\/strong> &#8211; D\u00e9truisez-vous \u2013 Serge Bard \u2013 1969<\/li>\n<li><strong>Classe de lutte<\/strong> &#8211; Classe de lutte \u2013 Chris Marker \u2013 1969<\/li>\n<li><strong>Oser lutter, oser vaincre<\/strong> &#8211; Oser lutter, oser vaincre \u2013 Jean-Pierre Thorn \u2013 1969<\/li>\n<li><strong>Nouvelle societ\u00e9 n\u00ba 5-7<\/strong> (C) &#8211; Nouvelle societ\u00e9 n\u00ba 5-7 &#8211; Grupo Medvedkin de Besan\u00e7on \u2013 1969<\/li>\n<li><strong>Rhodia 4&#215;8<\/strong> (C) &#8211; Rhodia 4&#215;8 &#8211; Grupo Medvedkin de Besan\u00e7on &#8211; 1969<\/li>\n<li><strong>La Charniere<\/strong> (C) \u2013 La Charniere \u2013 Grupo Medvedkin de Besan\u00e7on &#8211; 1968<\/li>\n<li><strong>Grandes tardes, peque\u00f1as ma\u00f1anas<\/strong> &#8211; Grands soirs et petits matins \u2013 William Klein \u2013 1968<\/li>\n<li><strong>Le droit \u00e1 la parole<\/strong> &#8211; Le droit \u00e1 la parole \u2013 Michel Andrieu \u2013 1968<\/li>\n<li><strong>La reprise du travail aux usines Wonder<\/strong> (C) &#8211; La reprise du travail aux usines Wonder \u2013 Jacques Willemont &#8211; 1968<\/li>\n<li><strong>Un film comme les autres<\/strong> &#8211; Un film comme les autres \u2013 Jean-Luc Godard \u2013 1968<\/li>\n<li><strong>Actua I<\/strong> (C) \u2013 Actua I \u2013 Philippe Garrel \u2013 1968<\/li>\n<li><strong>Summer<\/strong> \u2013 L\u2019\u00e9te \u2013 Marcel Hanoun \u2013 1968<\/li>\n<li><strong>Cin\u00e9tracts<\/strong> \u2013 Cin\u00e9tracts \u2013 VV.AA \u2013 1968<\/li>\n<li><strong>Hasta pronto, espero<\/strong> &#8211; \u00c0 bient\u00f4t, j&#8217;esp\u00e8re \u2013 Chris Marker \u2013 1968<\/li>\n<li><strong>Sexperiencias<\/strong> \u2013 Sexperiencias \u2013 Jos\u00e9 Mar\u00eda Nunes \u2013 1968<\/li>\n<li><strong>La r\u00e9volution n&#8217;est qu&#8217;un d\u00e9but<\/strong>. Continuons le combat\u00a0(C) &#8211; La r\u00e9volution n&#8217;est qu&#8217;un d\u00e9but. Continuons le combat\u00a0\u2013 Pierre<\/li>\n<li><strong>Cl\u00e9menti<\/strong> \u2013 1968<\/li>\n<li><strong>Le Soul\u00e8vement de la jeunesse<\/strong> &#8211; mai 1968 &#8211; Le Soul\u00e8vement de la jeunesse &#8211; mai 1968 \u2013 Maurice Lemaitre &#8211; 1968<\/li>\n<li><strong>La Chinoise<\/strong> \u2013 La Chinoise \u2013 Jean-Luc Godard \u2013 1967<\/li>\n<li><strong>Weekend<\/strong> \u2013 Weekend \u2013 Jean-Luc Godard \u2013 1967<\/li>\n<li><strong>Loin du Vietnam<\/strong> \u2013 Loin du Vietnam \u2013 1967 \u2013 VV.AA.<\/li>\n<\/ul>\n<p>[\/et_pb_text][\/et_pb_column][\/et_pb_row][et_pb_row _builder_version=\u00bb3.25&#8243; background_size=\u00bbinitial\u00bb background_position=\u00bbtop_left\u00bb background_repeat=\u00bbrepeat\u00bb][et_pb_column type=\u00bb4_4&#8243; _builder_version=\u00bb3.25&#8243; custom_padding=\u00bb|||\u00bb custom_padding__hover=\u00bb|||\u00bb][et_pb_divider show_divider=\u00bboff\u00bb _builder_version=\u00bb3.2.2&#8243; height=\u00bb5px\u00bb][\/et_pb_divider][\/et_pb_column][\/et_pb_row][et_pb_row _builder_version=\u00bb3.25&#8243; background_color=\u00bb#000000&#8243; use_background_color_gradient=\u00bbon\u00bb background_color_gradient_start=\u00bb#ededed\u00bb background_color_gradient_end=\u00bb#000000&#8243; background_color_gradient_type=\u00bbradial\u00bb background_color_gradient_direction_radial=\u00bbleft\u00bb background_size=\u00bbinitial\u00bb background_position=\u00bbtop_left\u00bb background_repeat=\u00bbrepeat\u00bb custom_padding=\u00bb20px|20px|20px|20px\u00bb][et_pb_column type=\u00bb4_4&#8243; _builder_version=\u00bb3.25&#8243; custom_padding=\u00bb|||\u00bb custom_padding__hover=\u00bb|||\u00bb][et_pb_blurb title=\u00bbRevista de prensa\u00bb url=\u00bbhttps:\/\/mayo68.puenteromano.net\/index.php\/project\/prensa-dosier\/\u00bb url_new_window=\u00bbon\u00bb use_icon=\u00bbon\u00bb font_icon=\u00bb%%72%%\u00bb icon_color=\u00bb#ffffff\u00bb use_icon_font_size=\u00bbon\u00bb icon_font_size=\u00bb45px\u00bb _builder_version=\u00bb4.0.6&#8243; header_level=\u00bbh2&#8243; text_orientation=\u00bbcenter\u00bb background_layout=\u00bbdark\u00bb hover_enabled=\u00bb0&#8243;]Art\u00edculos, v\u00eddeos y documentos recientes publicados en prensa sobre Mayo del 68[\/et_pb_blurb][\/et_pb_column][\/et_pb_row][\/et_pb_section]<\/p>\n","protected":false},"excerpt":{"rendered":"<p>Bibliograf\u00eda y filmograf\u00edaBibliograf\u00eda Luciano Hevia Noriega, Librer\u00eda Cervantes (Oviedo) _____________________________________________ Librer\u00eda Cervantes, Oviedo Albiac, Gabriel, Mayo 68. Fin de fiesta, Confluencias, 2018 Amor\u00f3s, Miguel, 1968. El a\u00f1o sublime de la acracia, Virus, 2015 Anatrella, Tony, La diferencia prohibida, Encuentro, 2008 Anasagasti, Antonio, Hijos del Mayo del 68, Alhulia, 2014 Aron, Raymond, Memorias, Alianza, 1994 Aron, [&hellip;]<\/p>\n","protected":false},"author":1,"featured_media":337,"comment_status":"open","ping_status":"closed","template":"","meta":{"_et_pb_use_builder":"on","_et_pb_old_content":"","_et_gb_content_width":"","footnotes":""},"project_category":[8],"project_tag":[],"class_list":["post-333","project","type-project","status-publish","has-post-thumbnail","hentry","project_category-unidad-didactica"],"_links":{"self":[{"href":"https:\/\/mayo68.puenteromano.net\/index.php\/wp-json\/wp\/v2\/project\/333","targetHints":{"allow":["GET"]}}],"collection":[{"href":"https:\/\/mayo68.puenteromano.net\/index.php\/wp-json\/wp\/v2\/project"}],"about":[{"href":"https:\/\/mayo68.puenteromano.net\/index.php\/wp-json\/wp\/v2\/types\/project"}],"author":[{"embeddable":true,"href":"https:\/\/mayo68.puenteromano.net\/index.php\/wp-json\/wp\/v2\/users\/1"}],"replies":[{"embeddable":true,"href":"https:\/\/mayo68.puenteromano.net\/index.php\/wp-json\/wp\/v2\/comments?post=333"}],"version-history":[{"count":1,"href":"https:\/\/mayo68.puenteromano.net\/index.php\/wp-json\/wp\/v2\/project\/333\/revisions"}],"predecessor-version":[{"id":1101,"href":"https:\/\/mayo68.puenteromano.net\/index.php\/wp-json\/wp\/v2\/project\/333\/revisions\/1101"}],"wp:featuredmedia":[{"embeddable":true,"href":"https:\/\/mayo68.puenteromano.net\/index.php\/wp-json\/wp\/v2\/media\/337"}],"wp:attachment":[{"href":"https:\/\/mayo68.puenteromano.net\/index.php\/wp-json\/wp\/v2\/media?parent=333"}],"wp:term":[{"taxonomy":"project_category","embeddable":true,"href":"https:\/\/mayo68.puenteromano.net\/index.php\/wp-json\/wp\/v2\/project_category?post=333"},{"taxonomy":"project_tag","embeddable":true,"href":"https:\/\/mayo68.puenteromano.net\/index.php\/wp-json\/wp\/v2\/project_tag?post=333"}],"curies":[{"name":"wp","href":"https:\/\/api.w.org\/{rel}","templated":true}]}}